{"id":1744,"date":"2023-10-18T17:54:25","date_gmt":"2023-10-18T15:54:25","guid":{"rendered":"https:\/\/www.fleximat.es\/?post_type=product&#038;p=1744"},"modified":"2023-11-27T10:59:50","modified_gmt":"2023-11-27T09:59:50","slug":"puntera-doble-aislada","status":"publish","type":"product","link":"https:\/\/www.fleximat.es\/pt\/produto\/puntera-doble-aislada\/","title":{"rendered":"Dedo duplo isolado"},"content":{"rendered":"<h3>descri\u00e7\u00e3o do produto<\/h3>\n<p>Uma ponteira de prote\u00e7\u00e3o com isolamento duplo \u00e9 um tubo leve de metal macio que \u00e9 preso na extremidade de um cabo tran\u00e7ado para melhorar as caracter\u00edsticas de conex\u00e3o do cabo.<\/p>\n<p>A maioria dos terminais duplos isolados s\u00e3o feitos de cobre, geralmente estanhados. Cada ponteira \u00e9 projetada para uma bitola espec\u00edfica de fio, tanto em di\u00e2metro quanto em comprimento.<\/p>\n<p>Al\u00e9m disso, existem v\u00e1rios tipos de biqueiras de prote\u00e7\u00e3o dependendo da sua aplica\u00e7\u00e3o.<\/p>\n<p>Estes incluem ponteiras isoladas, ponteiras com isolamento duplo, ponteiras n\u00e3o isoladas e ponteiras isoladas com conex\u00e3o \u00e0 terra. A isto acrescentamos a possibilidade de aplic\u00e1-los soltos, em cartucho ou em v\u00e1rios tamanhos de bobinas. N\u00f3s temos todos eles!<\/p>\n<table width=\"568\">\n<tbody>\n<tr>\n<td width=\"77\">Se\u00e7\u00e3o: mm2 \u2013<\/p>\n<p>Comprimento<\/td>\n<td width=\"57\">AWG<\/td>\n<td width=\"56\">Recipiente<\/td>\n<td width=\"62\">Cor<\/p>\n<p>DIN<\/td>\n<td width=\"60\">Art. N\u00ba 1<\/p>\n<p>&nbsp;<\/td>\n<td width=\"66\">Cor 1<\/td>\n<td width=\"59\">Art. N\u00ba 2<\/td>\n<td width=\"62\">Cor 2<\/td>\n<td width=\"69\">Art. N\u00ba 3<\/td>\n<\/tr>\n<tr>\n<td>2&#215;0,25-8<\/td>\n<td>2&#215;24<\/td>\n<td>500<\/td>\n<td><\/td>\n<td><\/td>\n<td>tolet<\/td>\n<td>105<\/td>\n<td>azul claro<\/td>\n<td>205<\/td>\n<\/tr>\n<tr>\n<td>2&#215;0,34-8<\/td>\n<td>2&#215;22<\/td>\n<td>500<\/td>\n<td><\/td>\n<td><\/td>\n<td><\/td>\n<td><\/td>\n<td>turquesa<\/td>\n<td>208<\/td>\n<\/tr>\n<tr>\n<td>2&#215;0,50-8<\/td>\n<td>2&#215;20<\/td>\n<td>500<\/td>\n<td>branco<\/td>\n<td>Z310<\/td>\n<td>branco<\/td>\n<td>Z310<\/td>\n<td>laranja<\/td>\n<td>Z 210<\/td>\n<\/tr>\n<tr>\n<td>2&#215;0,75-8<\/td>\n<td>2&#215;18<\/td>\n<td>500<\/td>\n<td rowspan=\"2\">cinza<\/td>\n<td>315<\/td>\n<td rowspan=\"2\">azul<\/td>\n<td>115<\/td>\n<td rowspan=\"2\">branco<\/td>\n<td>215<\/td>\n<\/tr>\n<tr>\n<td>2&#215;0,75-10<\/td>\n<td>2&#215;18<\/td>\n<td>500<\/td>\n<td>318<\/td>\n<td>118<\/td>\n<td>218<\/td>\n<\/tr>\n<tr>\n<td>2&#215;1,00-8<\/td>\n<td>2&#215;18<\/td>\n<td>500<\/td>\n<td rowspan=\"4\">vermelho<\/td>\n<td>Z320<\/td>\n<td rowspan=\"4\">vermelho<\/td>\n<td>Z320<\/td>\n<td rowspan=\"4\">amarelo<\/td>\n<td>Z 220<\/td>\n<\/tr>\n<tr>\n<td>2&#215;1,00-10<\/td>\n<td>2&#215;18<\/td>\n<td>500<\/td>\n<td>323<\/td>\n<td>323<\/td>\n<td>223<\/td>\n<\/tr>\n<tr>\n<td>2&#215;1,00-12<\/td>\n<td>2&#215;18<\/td>\n<td>500<\/td>\n<td>324<\/td>\n<td>324<\/td>\n<td>224<\/td>\n<\/tr>\n<tr>\n<td>2&#215;1,00-18<\/td>\n<td>2&#215;18<\/td>\n<td>500<\/td>\n<td>325<\/td>\n<td>325<\/td>\n<td>225<\/td>\n<\/tr>\n<tr>\n<td>2&#215;1,50-8<\/td>\n<td>2&#215;16<\/td>\n<td>500<\/td>\n<td rowspan=\"3\">preto<\/td>\n<td>Z330<\/td>\n<td rowspan=\"3\">preto<\/td>\n<td>Z330<\/td>\n<td rowspan=\"3\">vermelho<\/td>\n<td>Z 230<\/td>\n<\/tr>\n<tr>\n<td>2&#215;1,50-12<\/td>\n<td>2&#215;16<\/td>\n<td>500<\/td>\n<td>334<\/td>\n<td>334<\/td>\n<td>234<\/td>\n<\/tr>\n<tr>\n<td>2&#215;1,50-18<\/td>\n<td>2&#215;16<\/td>\n<td>500<\/td>\n<td>335<\/td>\n<td>335<\/td>\n<td>235<\/td>\n<\/tr>\n<tr>\n<td>2&#215;2,50-10<\/td>\n<td>2&#215;14<\/td>\n<td>250<\/td>\n<td rowspan=\"2\">azul<\/td>\n<td>Z340<\/td>\n<td rowspan=\"2\">cinza<\/td>\n<td>Z 140<\/td>\n<td rowspan=\"2\">azul<\/td>\n<td>Z340<\/td>\n<\/tr>\n<tr>\n<td>2&#215;2,50-13<\/td>\n<td>2&#215;14<\/td>\n<td>250<\/td>\n<td>342<\/td>\n<td>142<\/td>\n<td>342<\/td>\n<\/tr>\n<tr>\n<td>2&#215;4,00-12<\/td>\n<td>2&#215;12<\/td>\n<td>100<\/td>\n<td>cinza<\/td>\n<td>345<\/td>\n<td>laranja<\/td>\n<td>145<\/td>\n<td>cinza<\/td>\n<td>345<\/td>\n<\/tr>\n<tr>\n<td>2&#215;6,00-14<\/td>\n<td>2&#215;10<\/td>\n<td>100<\/td>\n<td>amarelo<\/td>\n<td>Z350<\/td>\n<td>verde<\/td>\n<td>Z 150<\/td>\n<td>preto<\/td>\n<td>Z250<\/td>\n<\/tr>\n<tr>\n<td>2&#215;10,00-14<\/td>\n<td>2&#215;8<\/td>\n<td>100<\/td>\n<td>vermelho<\/td>\n<td>355<\/td>\n<td>marrom<\/td>\n<td>155<\/td>\n<td>marfim<\/td>\n<td>255<\/td>\n<\/tr>\n<tr>\n<td>2&#215;16,00-14<\/td>\n<td>2&#215;6<\/td>\n<td>50<\/td>\n<td>azul<\/td>\n<td>360<\/td>\n<td>marfim<\/td>\n<td>Z 160<\/td>\n<td>verde<\/td>\n<td>Z260<\/td>\n<\/tr>\n<\/tbody>\n<\/table>","protected":false},"excerpt":{"rendered":"<h3>Caracteristicas<\/h3>\n<table>\n<tbody>\n<tr>\n<td><strong>Material<\/strong><\/td>\n<td>E-Cobre \/ PP 105\u00b0<\/td>\n<\/tr>\n<tr>\n<td><strong>Superf\u00edcie<\/strong><\/td>\n<td>Cincada<\/td>\n<\/tr>\n<tr>\n<td><strong>Banheiro m\u00ednimo<\/strong><\/td>\n<td>3\u00b5m<\/td>\n<\/tr>\n<\/tbody>\n<\/table>","protected":false},"featured_media":2987,"template":"","meta":{"_kad_blocks_custom_css":"","_kad_blocks_head_custom_js":"","_kad_blocks_body_custom_js":"","_kad_blocks_footer_custom_js":"","_kadence_starter_templates_imported_post":false,"_kad_post_transparent":"default","_kad_post_title":"","_kad_post_layout":"default","_kad_post_sidebar_id":"","_kad_post_content_style":"default","_kad_post_vertical_padding":"default","_kad_post_feature":"","_kad_post_feature_position":"","_kad_post_header":false,"_kad_post_footer":false},"product_cat":[75,76],"product_tag":[],"class_list":{"0":"post-1744","1":"product","2":"type-product","3":"status-publish","4":"has-post-thumbnail","6":"product_cat-punteras-de-conexion","7":"product_cat-punteras","9":"first","10":"instock","11":"shipping-taxable","12":"product-type-simple","13":"entry","14":"content-bg","15":"loop-entry"},"yoast_head":"<!-- This site is optimized with the Yoast SEO plugin v21.7 - https:\/\/yoast.com\/wordpress\/plugins\/seo\/ -->\n<title>Puntera Doble Aislada - Fleximat<\/title>\n<meta name=\"robots\" content=\"index, follow, max-snippet:-1, max-image-preview:large, max-video-preview:-1\" \/>\n<link rel=\"canonical\" href=\"https:\/\/www.fleximat.es\/pt\/produto\/puntera-doble-aislada\/\" \/>\n<meta property=\"og:locale\" content=\"pt_PT\" \/>\n<meta property=\"og:type\" content=\"article\" \/>\n<meta property=\"og:title\" content=\"Puntera Doble Aislada - Fleximat\" \/>\n<meta property=\"og:description\" content=\"Caracter\u00edsticas    Material E-Cobre \/ PP 105\u00b0   Superficie Cincada   Ba\u00f1o m\u00ednimo 3\u00b5m\" \/>\n<meta property=\"og:url\" content=\"https:\/\/www.fleximat.es\/pt\/produto\/puntera-doble-aislada\/\" \/>\n<meta property=\"og:site_name\" content=\"Fleximat\" \/>\n<meta property=\"article:modified_time\" content=\"2023-11-27T09:59:50+00:00\" \/>\n<meta property=\"og:image\" content=\"https:\/\/www.fleximat.es\/wp-content\/uploads\/2023\/10\/puntera-doble-aislada-1.png\" \/>\n\t<meta property=\"og:image:width\" content=\"600\" \/>\n\t<meta property=\"og:image:height\" content=\"600\" \/>\n\t<meta property=\"og:image:type\" content=\"image\/png\" \/>\n<meta name=\"twitter:card\" content=\"summary_large_image\" \/>\n<meta name=\"twitter:label1\" content=\"Tempo estimado de leitura\" \/>\n\t<meta name=\"twitter:data1\" content=\"1 minuto\" \/>\n<script type=\"application\/ld+json\" class=\"yoast-schema-graph\">{\"@context\":\"https:\/\/schema.org\",\"@graph\":[{\"@type\":\"WebPage\",\"@id\":\"https:\/\/www.fleximat.es\/producto\/puntera-doble-aislada\/\",\"url\":\"https:\/\/www.fleximat.es\/producto\/puntera-doble-aislada\/\",\"name\":\"Puntera Doble Aislada - Fleximat\",\"isPartOf\":{\"@id\":\"https:\/\/www.fleximat.es\/bn\/#website\"},\"datePublished\":\"2023-10-18T15:54:25+00:00\",\"dateModified\":\"2023-11-27T09:59:50+00:00\",\"breadcrumb\":{\"@id\":\"https:\/\/www.fleximat.es\/producto\/puntera-doble-aislada\/#breadcrumb\"},\"inLanguage\":\"pt-PT\",\"potentialAction\":[{\"@type\":\"ReadAction\",\"target\":[\"https:\/\/www.fleximat.es\/producto\/puntera-doble-aislada\/\"]}]},{\"@type\":\"BreadcrumbList\",\"@id\":\"https:\/\/www.fleximat.es\/producto\/puntera-doble-aislada\/#breadcrumb\",\"itemListElement\":[{\"@type\":\"ListItem\",\"position\":1,\"name\":\"Portada\",\"item\":\"https:\/\/www.fleximat.es\/\"},{\"@type\":\"ListItem\",\"position\":2,\"name\":\"Productos\",\"item\":\"https:\/\/www.fleximat.es\/en\/productos\/\"},{\"@type\":\"ListItem\",\"position\":3,\"name\":\"Puntera Doble Aislada\"}]},{\"@type\":\"WebSite\",\"@id\":\"https:\/\/www.fleximat.es\/bn\/#website\",\"url\":\"https:\/\/www.fleximat.es\/bn\/\",\"name\":\"Fleximat\",\"description\":\"Tu soluci\u00f3n en prensaestopas y tubos flexibles\",\"publisher\":{\"@id\":\"https:\/\/www.fleximat.es\/bn\/#organization\"},\"potentialAction\":[{\"@type\":\"SearchAction\",\"target\":{\"@type\":\"EntryPoint\",\"urlTemplate\":\"https:\/\/www.fleximat.es\/bn\/?s={search_term_string}\"},\"query-input\":\"required name=search_term_string\"}],\"inLanguage\":\"pt-PT\"},{\"@type\":\"Organization\",\"@id\":\"https:\/\/www.fleximat.es\/bn\/#organization\",\"name\":\"Fleximat\",\"url\":\"https:\/\/www.fleximat.es\/bn\/\",\"logo\":{\"@type\":\"ImageObject\",\"inLanguage\":\"pt-PT\",\"@id\":\"https:\/\/www.fleximat.es\/bn\/#\/schema\/logo\/image\/\",\"url\":\"https:\/\/www.fleximat.es\/wp-content\/uploads\/2023\/11\/fleximat-logo-1.png\",\"contentUrl\":\"https:\/\/www.fleximat.es\/wp-content\/uploads\/2023\/11\/fleximat-logo-1.png\",\"width\":1169,\"height\":289,\"caption\":\"Fleximat\"},\"image\":{\"@id\":\"https:\/\/www.fleximat.es\/bn\/#\/schema\/logo\/image\/\"}}]}<\/script>\n<!-- \/ Yoast SEO plugin. -->","yoast_head_json":{"title":"Puntera Doble Aislada - Fleximat","robots":{"index":"index","follow":"follow","max-snippet":"max-snippet:-1","max-image-preview":"max-image-preview:large","max-video-preview":"max-video-preview:-1"},"canonical":"https:\/\/www.fleximat.es\/pt\/produto\/puntera-doble-aislada\/","og_locale":"pt_PT","og_type":"article","og_title":"Puntera Doble Aislada - Fleximat","og_description":"Caracter\u00edsticas    Material E-Cobre \/ PP 105\u00b0   Superficie Cincada   Ba\u00f1o m\u00ednimo 3\u00b5m","og_url":"https:\/\/www.fleximat.es\/pt\/produto\/puntera-doble-aislada\/","og_site_name":"Fleximat","article_modified_time":"2023-11-27T09:59:50+00:00","og_image":[{"width":600,"height":600,"url":"https:\/\/www.fleximat.es\/wp-content\/uploads\/2023\/10\/puntera-doble-aislada-1.png","type":"image\/png"}],"twitter_card":"summary_large_image","twitter_misc":{"Tempo estimado de leitura":"1 minuto"},"schema":{"@context":"https:\/\/schema.org","@graph":[{"@type":"WebPage","@id":"https:\/\/www.fleximat.es\/producto\/puntera-doble-aislada\/","url":"https:\/\/www.fleximat.es\/producto\/puntera-doble-aislada\/","name":"Puntera Doble Aislada - Fleximat","isPartOf":{"@id":"https:\/\/www.fleximat.es\/bn\/#website"},"datePublished":"2023-10-18T15:54:25+00:00","dateModified":"2023-11-27T09:59:50+00:00","breadcrumb":{"@id":"https:\/\/www.fleximat.es\/producto\/puntera-doble-aislada\/#breadcrumb"},"inLanguage":"pt-PT","potentialAction":[{"@type":"ReadAction","target":["https:\/\/www.fleximat.es\/producto\/puntera-doble-aislada\/"]}]},{"@type":"BreadcrumbList","@id":"https:\/\/www.fleximat.es\/producto\/puntera-doble-aislada\/#breadcrumb","itemListElement":[{"@type":"ListItem","position":1,"name":"Portada","item":"https:\/\/www.fleximat.es\/"},{"@type":"ListItem","position":2,"name":"Productos","item":"https:\/\/www.fleximat.es\/en\/productos\/"},{"@type":"ListItem","position":3,"name":"Puntera Doble Aislada"}]},{"@type":"WebSite","@id":"https:\/\/www.fleximat.es\/bn\/#website","url":"https:\/\/www.fleximat.es\/bn\/","name":"Fleximat","description":"Tu soluci\u00f3n en prensaestopas y tubos flexibles","publisher":{"@id":"https:\/\/www.fleximat.es\/bn\/#organization"},"potentialAction":[{"@type":"SearchAction","target":{"@type":"EntryPoint","urlTemplate":"https:\/\/www.fleximat.es\/bn\/?s={search_term_string}"},"query-input":"required name=search_term_string"}],"inLanguage":"pt-PT"},{"@type":"Organization","@id":"https:\/\/www.fleximat.es\/bn\/#organization","name":"Fleximat","url":"https:\/\/www.fleximat.es\/bn\/","logo":{"@type":"ImageObject","inLanguage":"pt-PT","@id":"https:\/\/www.fleximat.es\/bn\/#\/schema\/logo\/image\/","url":"https:\/\/www.fleximat.es\/wp-content\/uploads\/2023\/11\/fleximat-logo-1.png","contentUrl":"https:\/\/www.fleximat.es\/wp-content\/uploads\/2023\/11\/fleximat-logo-1.png","width":1169,"height":289,"caption":"Fleximat"},"image":{"@id":"https:\/\/www.fleximat.es\/bn\/#\/schema\/logo\/image\/"}}]}},"taxonomy_info":{"product_cat":[{"value":75,"label":"Punteras de conexi\u00f3n"},{"value":76,"label":"Punteras"}]},"featured_image_src_large":["https:\/\/www.fleximat.es\/wp-content\/uploads\/2023\/10\/puntera-doble-aislada-1.png",600,600,false],"author_info":[],"comment_info":"","_links":{"self":[{"href":"https:\/\/www.fleximat.es\/pt\/wp-json\/wp\/v2\/product\/1744"}],"collection":[{"href":"https:\/\/www.fleximat.es\/pt\/wp-json\/wp\/v2\/product"}],"about":[{"href":"https:\/\/www.fleximat.es\/pt\/wp-json\/wp\/v2\/types\/product"}],"wp:featuredmedia":[{"embeddable":true,"href":"https:\/\/www.fleximat.es\/pt\/wp-json\/wp\/v2\/media\/2987"}],"wp:attachment":[{"href":"https:\/\/www.fleximat.es\/pt\/wp-json\/wp\/v2\/media?parent=1744"}],"wp:term":[{"taxonomy":"product_cat","embeddable":true,"href":"https:\/\/www.fleximat.es\/pt\/wp-json\/wp\/v2\/product_cat?post=1744"},{"taxonomy":"product_tag","embeddable":true,"href":"https:\/\/www.fleximat.es\/pt\/wp-json\/wp\/v2\/product_tag?post=1744"}],"curies":[{"name":"wp","href":"https:\/\/api.w.org\/{rel}","templated":true}]}}